{"id":5979,"date":"2019-07-31T15:41:25","date_gmt":"2019-07-31T13:41:25","guid":{"rendered":"https:\/\/www.alpenverein.de\/geschichte\/?post_type=portrait&#038;p=5979"},"modified":"2020-09-01T16:43:50","modified_gmt":"2020-09-01T14:43:50","slug":"sektion-waelschtirol","status":"publish","type":"portrait","link":"https:\/\/services.alpenverein.de\/geschichte\/blog\/portrait\/sektion-waelschtirol\/","title":{"rendered":"Sektion W\u00e4lschtirol"},"content":{"rendered":"\n<p>1916, also mitten im Ersten Weltkrieg, wurde in Trient\/Trento die Sektion W\u00e4lschtirol ins Leben gerufen. Im Gegensatz zur \u201eb\u00fcrgerlichen\u201c und alteingesessenen Sektion Trient handelte es sich bei der Sektion W\u00e4lschtirol um eine direkte Antwort auf die nationalistischen \u201eIrredenta\u201c Bestrebungen seitens Italiens in W\u00e4lschtirol. <\/p>\n\n\n\n<p>Die Sektion stand ganz bewusst im Gegensatz zur Sektion Trient. Dies zeigt sich in der Mitgliederstruktur \u2013 neben hohen Beamten waren dort auch Milit\u00e4rs der \u00f6rtlichen Garnison vertreten. In den drei Jahren ihrer Existenz vermerkte das Bestandsverzeichnis des D\u00d6AV f\u00fcr 1916 44 Mitglieder, f\u00fcr 1917 140 Mitglieder und zum 31. Dezember 1918 noch 107 Mitglieder. <\/p>\n\n\n\n<p>Durch die Kriegsereignisse betreute die Sektion kein eigenes Arbeitsgebiet. Am 21. November 1919 l\u00f6ste die Sektion sich selbst auf.<\/p>\n","protected":false},"excerpt":{"rendered":"<p>1916, also mitten im Ersten Weltkrieg, wurde in Trient\/Trento die Sektion W\u00e4lschtirol ins Leben gerufen. Im Gegensatz zur \u201eb\u00fcrgerlichen\u201c und alteingesessenen Sektion Trient handelte es sich bei der Sektion W\u00e4lschtirol um eine direkte Antwort auf die nationalistischen \u201eIrredenta\u201c Bestrebungen seitens Italiens in W\u00e4lschtirol. Die Sektion stand ganz bewusst im Gegensatz zur Sektion Trient. Dies zeigt [&hellip;]<\/p>\n","protected":false},"featured_media":5023,"template":"","_links":{"self":[{"href":"https:\/\/services.alpenverein.de\/geschichte\/wp-json\/wp\/v2\/portrait\/5979"}],"collection":[{"href":"https:\/\/services.alpenverein.de\/geschichte\/wp-json\/wp\/v2\/portrait"}],"about":[{"href":"https:\/\/services.alpenverein.de\/geschichte\/wp-json\/wp\/v2\/types\/portrait"}],"version-history":[{"count":3,"href":"https:\/\/services.alpenverein.de\/geschichte\/wp-json\/wp\/v2\/portrait\/5979\/revisions"}],"predecessor-version":[{"id":6745,"href":"https:\/\/services.alpenverein.de\/geschichte\/wp-json\/wp\/v2\/portrait\/5979\/revisions\/6745"}],"wp:featuredmedia":[{"embeddable":true,"href":"https:\/\/services.alpenverein.de\/geschichte\/wp-json\/wp\/v2\/media\/5023"}],"wp:attachment":[{"href":"https:\/\/services.alpenverein.de\/geschichte\/wp-json\/wp\/v2\/media?parent=5979"}],"curies":[{"name":"wp","href":"https:\/\/api.w.org\/{rel}","templated":true}]}}